{"id":228,"date":"2024-09-02T23:51:31","date_gmt":"2024-09-02T23:51:31","guid":{"rendered":"http:\/\/palabrasdevida.com\/systemproword\/?page_id=228"},"modified":"2024-09-04T16:25:10","modified_gmt":"2024-09-04T16:25:10","slug":"estudios-reflexivos-breves-er","status":"publish","type":"page","link":"http:\/\/palabrasdevida.com\/systemproword\/estudios-reflexivos-breves-er\/","title":{"rendered":"Estudios Reflexivos Breves &#8211; ER"},"content":{"rendered":"\n<p>Te acercamos reflexiones breves que tratan los mismos temas que sus hermanos mayores, los estudios b\u00edblicos.<br>Hemos reducido la extensi\u00f3n manteniendo la esencia del mensaje b\u00edblico. Suelen tener alrededor de 2 p\u00e1ginas de extensi\u00f3n y su lectura es de aprox. 2 minutos.<\/p>\n\n\n\n<p>Que Dios te bendiga en tu anhelo de conocerlo m\u00e1s y mejor.<\/p>\n\n\n\n<p>\u00abQue la paz y la abundancia que encontramos en Jes\u00fas llenen tu vida\u201d.<br>Te saluda con amor fraternal, <strong>Daniel Liandro.<\/strong><br><em>En todo tiempo ama el amigo,<br>Y es como un hermano en tiempo de angustia.<\/em><br>(Proverbios 17:17)<\/p>\n\n\n<div class=\"pdf-manager-list\"><table class=\"pdf-list-table\" style=\"width: 100%; border-collapse: collapse;\"><thead><tr><th style=\"border: 1px solid #ddd; padding: 8px;\">T\u00edtulo<\/th><th style=\"border: 1px solid #ddd; padding: 8px;\">Autor<\/th><th style=\"border: 1px solid #ddd; padding: 8px;\">Archivos<\/th><th style=\"border: 1px solid #ddd; padding: 8px;\">Acciones<\/th><\/tr><\/thead><tbody><tr><td style=\"border: 1px solid #ddd; padding: 8px; background-color: #E6F3FF;\"><strong>Redefiniendo las Fronteras del Pecado - Reflexi\u00f3n<\/strong><\/td><td style=\"border: 1px solid #ddd; padding: 8px;  text-align: center; background-color: #E6F3FF;\">Daniel Liandro<\/td><td style=\"border: 1px solid #ddd; padding: 8px; text-align: center; background-color: #E6F3FF;\">\r\n                <a href=\"http:\/\/palabrasdevida.com\/systemproword\/wp-content\/uploads\/pdfs\/Redefiniendo%20las%20Fronteras%20del%20Pecado%20-%20Reflexi\u00f3n.pdf\" target=\"_blank\" class=\"button button-primary\" style=\"text-align: center; padding: 4px 8px; line-height: 1.5; font-size: 16px;\">Ver archivo<\/a>\r\n            <\/td><td style=\"border: 1px solid #ddd; padding: 8px; text-align: center; background-color: #E6F3FF;\">\r\n                <a href=\"http:\/\/palabrasdevida.com\/systemproword\/wp-content\/uploads\/pdfs\/Redefiniendo%20las%20Fronteras%20del%20Pecado%20-%20Reflexi\u00f3n.pdf\" class=\"button button-primary\" download style=\"text-align: center; padding: 4px 8px; line-height: 1.5; font-size: 16px;\">Descargar PDF<\/a>\r\n            <\/td><\/tr><tr><td colspan=\"5\" style=\"border: 1px solid #ddd; padding: 8px;\"><p><\/p><\/td><\/tr><tr><td style=\"border: 1px solid #ddd; padding: 8px; background-color: #E6F3FF;\"><strong>El Gozo de la Fidelidad - Reflexi\u00f3n<\/strong><\/td><td style=\"border: 1px solid #ddd; padding: 8px;  text-align: center; background-color: #E6F3FF;\">Daniel Liandro<\/td><td style=\"border: 1px solid #ddd; padding: 8px; text-align: center; background-color: #E6F3FF;\">\r\n                <a href=\"http:\/\/palabrasdevida.com\/systemproword\/wp-content\/uploads\/pdfs\/El%20Gozo%20de%20la%20Fidelidad%20-%20Reflexi\u00f3n.pdf\" target=\"_blank\" class=\"button button-primary\" style=\"text-align: center; padding: 4px 8px; line-height: 1.5; font-size: 16px;\">Ver archivo<\/a>\r\n            <\/td><td style=\"border: 1px solid #ddd; padding: 8px; text-align: center; background-color: #E6F3FF;\">\r\n                <a href=\"http:\/\/palabrasdevida.com\/systemproword\/wp-content\/uploads\/pdfs\/El%20Gozo%20de%20la%20Fidelidad%20-%20Reflexi\u00f3n.pdf\" class=\"button button-primary\" download style=\"text-align: center; padding: 4px 8px; line-height: 1.5; font-size: 16px;\">Descargar PDF<\/a>\r\n            <\/td><\/tr><tr><td colspan=\"5\" style=\"border: 1px solid #ddd; padding: 8px;\"><p><\/p><\/td><\/tr><tr><td style=\"border: 1px solid #ddd; padding: 8px; background-color: #E6F3FF;\"><strong>La Diversidad de la Gracia y los Dones - Parte 3<\/strong><\/td><td style=\"border: 1px solid #ddd; padding: 8px;  text-align: center; background-color: #E6F3FF;\">Daniel Liandro<\/td><td style=\"border: 1px solid #ddd; padding: 8px; text-align: center; background-color: #E6F3FF;\">\r\n                <a href=\"http:\/\/palabrasdevida.com\/systemproword\/wp-content\/uploads\/pdfs\/La%20Diversidad%20de%20la%20Gracia%20y%20los%20Dones%20-%20Parte%203.pdf\" target=\"_blank\" class=\"button button-primary\" style=\"text-align: center; padding: 4px 8px; line-height: 1.5; font-size: 16px;\">Ver archivo<\/a>\r\n            <\/td><td style=\"border: 1px solid #ddd; padding: 8px; text-align: center; background-color: #E6F3FF;\">\r\n                <a href=\"http:\/\/palabrasdevida.com\/systemproword\/wp-content\/uploads\/pdfs\/La%20Diversidad%20de%20la%20Gracia%20y%20los%20Dones%20-%20Parte%203.pdf\" class=\"button button-primary\" download style=\"text-align: center; padding: 4px 8px; line-height: 1.5; font-size: 16px;\">Descargar PDF<\/a>\r\n            <\/td><\/tr><tr><td colspan=\"5\" style=\"border: 1px solid #ddd; padding: 8px;\"><p><\/p><\/td><\/tr><tr><td style=\"border: 1px solid #ddd; padding: 8px; background-color: #E6F3FF;\"><strong>La Diversidad de la Gracia y los Dones - Parte 2<\/strong><\/td><td style=\"border: 1px solid #ddd; padding: 8px;  text-align: center; background-color: #E6F3FF;\">Daniel Liandro<\/td><td style=\"border: 1px solid #ddd; padding: 8px; text-align: center; background-color: #E6F3FF;\">\r\n                <a href=\"http:\/\/palabrasdevida.com\/systemproword\/wp-content\/uploads\/pdfs\/La%20Diversidad%20de%20la%20Gracia%20y%20los%20Dones%20-%20Parte%202.pdf\" target=\"_blank\" class=\"button button-primary\" style=\"text-align: center; padding: 4px 8px; line-height: 1.5; font-size: 16px;\">Ver archivo<\/a>\r\n            <\/td><td style=\"border: 1px solid #ddd; padding: 8px; text-align: center; background-color: #E6F3FF;\">\r\n                <a href=\"http:\/\/palabrasdevida.com\/systemproword\/wp-content\/uploads\/pdfs\/La%20Diversidad%20de%20la%20Gracia%20y%20los%20Dones%20-%20Parte%202.pdf\" class=\"button button-primary\" download style=\"text-align: center; padding: 4px 8px; line-height: 1.5; font-size: 16px;\">Descargar PDF<\/a>\r\n            <\/td><\/tr><tr><td colspan=\"5\" style=\"border: 1px solid #ddd; padding: 8px;\"><p><\/p><\/td><\/tr><tr><td style=\"border: 1px solid #ddd; padding: 8px; background-color: #E6F3FF;\"><strong>La Diversidad de la Gracia y los Dones - Parte 1<\/strong><\/td><td style=\"border: 1px solid #ddd; padding: 8px;  text-align: center; background-color: #E6F3FF;\">Daniel Liandro<\/td><td style=\"border: 1px solid #ddd; padding: 8px; text-align: center; background-color: #E6F3FF;\">\r\n                <a href=\"http:\/\/palabrasdevida.com\/systemproword\/wp-content\/uploads\/pdfs\/La%20Diversidad%20de%20la%20Gracia%20y%20los%20Dones%20-%20Parte%201.pdf\" target=\"_blank\" class=\"button button-primary\" style=\"text-align: center; padding: 4px 8px; line-height: 1.5; font-size: 16px;\">Ver archivo<\/a>\r\n            <\/td><td style=\"border: 1px solid #ddd; padding: 8px; text-align: center; background-color: #E6F3FF;\">\r\n                <a href=\"http:\/\/palabrasdevida.com\/systemproword\/wp-content\/uploads\/pdfs\/La%20Diversidad%20de%20la%20Gracia%20y%20los%20Dones%20-%20Parte%201.pdf\" class=\"button button-primary\" download style=\"text-align: center; padding: 4px 8px; line-height: 1.5; font-size: 16px;\">Descargar PDF<\/a>\r\n            <\/td><\/tr><tr><td colspan=\"5\" style=\"border: 1px solid #ddd; padding: 8px;\"><p><\/p><\/td><\/tr><tr><td style=\"border: 1px solid #ddd; padding: 8px; background-color: #E6F3FF;\"><strong>Las Funciones Ministeriales de la \\&#039;Cut\u00edcula\\&#039; - Reflexi\u00f3n<\/strong><\/td><td style=\"border: 1px solid #ddd; padding: 8px;  text-align: center; background-color: #E6F3FF;\">Daniel Liandro<\/td><td style=\"border: 1px solid #ddd; padding: 8px; text-align: center; background-color: #E6F3FF;\">\r\n                <a href=\"http:\/\/palabrasdevida.com\/systemproword\/wp-content\/uploads\/pdfs\/Las%20Funciones%20Ministeriales%20de%20la%20&#039;Cut\u00edcula&#039;%20-%20Reflexi\u00f3n.pdf\" target=\"_blank\" class=\"button button-primary\" style=\"text-align: center; padding: 4px 8px; line-height: 1.5; font-size: 16px;\">Ver archivo<\/a>\r\n            <\/td><td style=\"border: 1px solid #ddd; padding: 8px; text-align: center; background-color: #E6F3FF;\">\r\n                <a href=\"http:\/\/palabrasdevida.com\/systemproword\/wp-content\/uploads\/pdfs\/Las%20Funciones%20Ministeriales%20de%20la%20&#039;Cut\u00edcula&#039;%20-%20Reflexi\u00f3n.pdf\" class=\"button button-primary\" download style=\"text-align: center; padding: 4px 8px; line-height: 1.5; font-size: 16px;\">Descargar PDF<\/a>\r\n            <\/td><\/tr><tr><td colspan=\"5\" style=\"border: 1px solid #ddd; padding: 8px;\"><p><\/p><\/td><\/tr><tr><td style=\"border: 1px solid #ddd; padding: 8px; background-color: #E6F3FF;\"><strong>La Pascua (condensado) - Reflexi\u00f3n<\/strong><\/td><td style=\"border: 1px solid #ddd; padding: 8px;  text-align: center; background-color: #E6F3FF;\">Daniel Liandro<\/td><td style=\"border: 1px solid #ddd; padding: 8px; text-align: center; background-color: #E6F3FF;\">\r\n                <a href=\"http:\/\/palabrasdevida.com\/systemproword\/wp-content\/uploads\/pdfs\/La%20Pascua%20(condensado)%20-%20Reflexi\u00f3n.pdf\" target=\"_blank\" class=\"button button-primary\" style=\"text-align: center; padding: 4px 8px; line-height: 1.5; font-size: 16px;\">Ver archivo<\/a>\r\n            <\/td><td style=\"border: 1px solid #ddd; padding: 8px; text-align: center; background-color: #E6F3FF;\">\r\n                <a href=\"http:\/\/palabrasdevida.com\/systemproword\/wp-content\/uploads\/pdfs\/La%20Pascua%20(condensado)%20-%20Reflexi\u00f3n.pdf\" class=\"button button-primary\" download style=\"text-align: center; padding: 4px 8px; line-height: 1.5; font-size: 16px;\">Descargar PDF<\/a>\r\n            <\/td><\/tr><tr><td colspan=\"5\" style=\"border: 1px solid #ddd; padding: 8px;\"><p><\/p><\/td><\/tr><tr><td style=\"border: 1px solid #ddd; padding: 8px; background-color: #E6F3FF;\"><strong>La Cena del Se\u00f1or - Reflexi\u00f3n<\/strong><\/td><td style=\"border: 1px solid #ddd; padding: 8px;  text-align: center; background-color: #E6F3FF;\">Daniel Liandro<\/td><td style=\"border: 1px solid #ddd; padding: 8px; text-align: center; background-color: #E6F3FF;\">\r\n                <a href=\"http:\/\/palabrasdevida.com\/systemproword\/wp-content\/uploads\/pdfs\/La%20Cena%20del%20Se\u00f1or%20-%20Reflexi\u00f3n.pdf\" target=\"_blank\" class=\"button button-primary\" style=\"text-align: center; padding: 4px 8px; line-height: 1.5; font-size: 16px;\">Ver archivo<\/a>\r\n            <\/td><td style=\"border: 1px solid #ddd; padding: 8px; text-align: center; background-color: #E6F3FF;\">\r\n                <a href=\"http:\/\/palabrasdevida.com\/systemproword\/wp-content\/uploads\/pdfs\/La%20Cena%20del%20Se\u00f1or%20-%20Reflexi\u00f3n.pdf\" class=\"button button-primary\" download style=\"text-align: center; padding: 4px 8px; line-height: 1.5; font-size: 16px;\">Descargar PDF<\/a>\r\n            <\/td><\/tr><tr><td colspan=\"5\" style=\"border: 1px solid #ddd; padding: 8px;\"><p><\/p><\/td><\/tr><tr><td style=\"border: 1px solid #ddd; padding: 8px; background-color: #E6F3FF;\"><strong>Qui\u00e9n est\u00e1 al volante - Parte 3 de 3 - Reflexi\u00f3n<\/strong><\/td><td style=\"border: 1px solid #ddd; padding: 8px;  text-align: center; background-color: #E6F3FF;\">Daniel Liandro<\/td><td style=\"border: 1px solid #ddd; padding: 8px; text-align: center; background-color: #E6F3FF;\">\r\n                <a href=\"http:\/\/palabrasdevida.com\/systemproword\/wp-content\/uploads\/pdfs\/Qui\u00e9n%20est\u00e1%20al%20volante%20-%20Parte%203%20de%203%20-%20Reflexi\u00f3n.pdf\" target=\"_blank\" class=\"button button-primary\" style=\"text-align: center; padding: 4px 8px; line-height: 1.5; font-size: 16px;\">Ver archivo<\/a>\r\n            <\/td><td style=\"border: 1px solid #ddd; padding: 8px; text-align: center; background-color: #E6F3FF;\">\r\n                <a href=\"http:\/\/palabrasdevida.com\/systemproword\/wp-content\/uploads\/pdfs\/Qui\u00e9n%20est\u00e1%20al%20volante%20-%20Parte%203%20de%203%20-%20Reflexi\u00f3n.pdf\" class=\"button button-primary\" download style=\"text-align: center; padding: 4px 8px; line-height: 1.5; font-size: 16px;\">Descargar PDF<\/a>\r\n            <\/td><\/tr><tr><td colspan=\"5\" style=\"border: 1px solid #ddd; padding: 8px;\"><p><\/p><\/td><\/tr><tr><td style=\"border: 1px solid #ddd; padding: 8px; background-color: #E6F3FF;\"><strong>Qui\u00e9n est\u00e1 al volante - Parte 2 de 3 - Reflexi\u00f3n<\/strong><\/td><td style=\"border: 1px solid #ddd; padding: 8px;  text-align: center; background-color: #E6F3FF;\">Daniel Liandro<\/td><td style=\"border: 1px solid #ddd; padding: 8px; text-align: center; background-color: #E6F3FF;\">\r\n                <a href=\"http:\/\/palabrasdevida.com\/systemproword\/wp-content\/uploads\/pdfs\/Qui\u00e9n%20est\u00e1%20al%20volante%20-%20Parte%202%20de%203%20-%20Reflexi\u00f3n.pdf\" target=\"_blank\" class=\"button button-primary\" style=\"text-align: center; padding: 4px 8px; line-height: 1.5; font-size: 16px;\">Ver archivo<\/a>\r\n            <\/td><td style=\"border: 1px solid #ddd; padding: 8px; text-align: center; background-color: #E6F3FF;\">\r\n                <a href=\"http:\/\/palabrasdevida.com\/systemproword\/wp-content\/uploads\/pdfs\/Qui\u00e9n%20est\u00e1%20al%20volante%20-%20Parte%202%20de%203%20-%20Reflexi\u00f3n.pdf\" class=\"button button-primary\" download style=\"text-align: center; padding: 4px 8px; line-height: 1.5; font-size: 16px;\">Descargar PDF<\/a>\r\n            <\/td><\/tr><tr><td colspan=\"5\" style=\"border: 1px solid #ddd; padding: 8px;\"><p><\/p><\/td><\/tr><tr><td style=\"border: 1px solid #ddd; padding: 8px; background-color: #E6F3FF;\"><strong>Qui\u00e9n est\u00e1 al volante - Parte 1 de 3 - Reflexi\u00f3n<\/strong><\/td><td style=\"border: 1px solid #ddd; padding: 8px;  text-align: center; background-color: #E6F3FF;\">Daniel Liandro<\/td><td style=\"border: 1px solid #ddd; padding: 8px; text-align: center; background-color: #E6F3FF;\">\r\n                <a href=\"http:\/\/palabrasdevida.com\/systemproword\/wp-content\/uploads\/pdfs\/Qui\u00e9n%20est\u00e1%20al%20volante%20-%20Parte%201%20de%203%20-%20Reflexi\u00f3n.pdf\" target=\"_blank\" class=\"button button-primary\" style=\"text-align: center; padding: 4px 8px; line-height: 1.5; font-size: 16px;\">Ver archivo<\/a>\r\n            <\/td><td style=\"border: 1px solid #ddd; padding: 8px; text-align: center; background-color: #E6F3FF;\">\r\n                <a href=\"http:\/\/palabrasdevida.com\/systemproword\/wp-content\/uploads\/pdfs\/Qui\u00e9n%20est\u00e1%20al%20volante%20-%20Parte%201%20de%203%20-%20Reflexi\u00f3n.pdf\" class=\"button button-primary\" download style=\"text-align: center; padding: 4px 8px; line-height: 1.5; font-size: 16px;\">Descargar PDF<\/a>\r\n            <\/td><\/tr><tr><td colspan=\"5\" style=\"border: 1px solid #ddd; padding: 8px;\"><p><\/p><\/td><\/tr><tr><td style=\"border: 1px solid #ddd; padding: 8px; background-color: #E6F3FF;\"><strong>Una Historia de Amor - Reflexi\u00f3n<\/strong><\/td><td style=\"border: 1px solid #ddd; padding: 8px;  text-align: center; background-color: #E6F3FF;\">Daniel Liandro<\/td><td style=\"border: 1px solid #ddd; padding: 8px; text-align: center; background-color: #E6F3FF;\">\r\n                <a href=\"http:\/\/palabrasdevida.com\/systemproword\/wp-content\/uploads\/pdfs\/Una%20Historia%20de%20Amor%20-%20Reflexi\u00f3n.pdf\" target=\"_blank\" class=\"button button-primary\" style=\"text-align: center; padding: 4px 8px; line-height: 1.5; font-size: 16px;\">Ver archivo<\/a>\r\n            <\/td><td style=\"border: 1px solid #ddd; padding: 8px; text-align: center; background-color: #E6F3FF;\">\r\n                <a href=\"http:\/\/palabrasdevida.com\/systemproword\/wp-content\/uploads\/pdfs\/Una%20Historia%20de%20Amor%20-%20Reflexi\u00f3n.pdf\" class=\"button button-primary\" download style=\"text-align: center; padding: 4px 8px; line-height: 1.5; font-size: 16px;\">Descargar PDF<\/a>\r\n            <\/td><\/tr><tr><td colspan=\"5\" style=\"border: 1px solid #ddd; padding: 8px;\"><p><\/p><\/td><\/tr><tr><td style=\"border: 1px solid #ddd; padding: 8px; background-color: #E6F3FF;\"><strong>El Alma en la Biblia - Reflexi\u00f3n<\/strong><\/td><td style=\"border: 1px solid #ddd; padding: 8px;  text-align: center; background-color: #E6F3FF;\">Daniel Liandro<\/td><td style=\"border: 1px solid #ddd; padding: 8px; text-align: center; background-color: #E6F3FF;\">\r\n                <a href=\"http:\/\/palabrasdevida.com\/systemproword\/wp-content\/uploads\/pdfs\/El%20Alma%20en%20la%20Biblia%20-%20Reflexi\u00f3n.pdf\" target=\"_blank\" class=\"button button-primary\" style=\"text-align: center; padding: 4px 8px; line-height: 1.5; font-size: 16px;\">Ver archivo<\/a>\r\n            <\/td><td style=\"border: 1px solid #ddd; padding: 8px; text-align: center; background-color: #E6F3FF;\">\r\n                <a href=\"http:\/\/palabrasdevida.com\/systemproword\/wp-content\/uploads\/pdfs\/El%20Alma%20en%20la%20Biblia%20-%20Reflexi\u00f3n.pdf\" class=\"button button-primary\" download style=\"text-align: center; padding: 4px 8px; line-height: 1.5; font-size: 16px;\">Descargar PDF<\/a>\r\n            <\/td><\/tr><tr><td colspan=\"5\" style=\"border: 1px solid #ddd; padding: 8px;\"><p><\/p><\/td><\/tr><tr><td style=\"border: 1px solid #ddd; padding: 8px; background-color: #E6F3FF;\"><strong>Coraz\u00f3n, Alma, Mente y algo m\u00e1s - Reflexi\u00f3n<\/strong><\/td><td style=\"border: 1px solid #ddd; padding: 8px;  text-align: center; background-color: #E6F3FF;\">Daniel Liandro<\/td><td style=\"border: 1px solid #ddd; padding: 8px; text-align: center; background-color: #E6F3FF;\">\r\n                <a href=\"http:\/\/palabrasdevida.com\/systemproword\/wp-content\/uploads\/pdfs\/Coraz\u00f3n,%20Alma,%20Mente%20y%20algo%20m\u00e1s%20-%20Reflexi\u00f3n.pdf\" target=\"_blank\" class=\"button button-primary\" style=\"text-align: center; padding: 4px 8px; line-height: 1.5; font-size: 16px;\">Ver archivo<\/a>\r\n            <\/td><td style=\"border: 1px solid #ddd; padding: 8px; text-align: center; background-color: #E6F3FF;\">\r\n                <a href=\"http:\/\/palabrasdevida.com\/systemproword\/wp-content\/uploads\/pdfs\/Coraz\u00f3n,%20Alma,%20Mente%20y%20algo%20m\u00e1s%20-%20Reflexi\u00f3n.pdf\" class=\"button button-primary\" download style=\"text-align: center; padding: 4px 8px; line-height: 1.5; font-size: 16px;\">Descargar PDF<\/a>\r\n            <\/td><\/tr><tr><td colspan=\"5\" style=\"border: 1px solid #ddd; padding: 8px;\"><p><\/p><\/td><\/tr><tr><td style=\"border: 1px solid #ddd; padding: 8px; background-color: #E6F3FF;\"><strong>Hasta el Fin - Reflexi\u00f3n<\/strong><\/td><td style=\"border: 1px solid #ddd; padding: 8px;  text-align: center; background-color: #E6F3FF;\">Daniel Liandro<\/td><td style=\"border: 1px solid #ddd; padding: 8px; text-align: center; background-color: #E6F3FF;\">\r\n                <a href=\"http:\/\/palabrasdevida.com\/systemproword\/wp-content\/uploads\/pdfs\/Hasta%20el%20Fin%20-%20Reflexi\u00f3n.pdf\" target=\"_blank\" class=\"button button-primary\" style=\"text-align: center; padding: 4px 8px; line-height: 1.5; font-size: 16px;\">Ver archivo<\/a>\r\n            <\/td><td style=\"border: 1px solid #ddd; padding: 8px; text-align: center; background-color: #E6F3FF;\">\r\n                <a href=\"http:\/\/palabrasdevida.com\/systemproword\/wp-content\/uploads\/pdfs\/Hasta%20el%20Fin%20-%20Reflexi\u00f3n.pdf\" class=\"button button-primary\" download style=\"text-align: center; padding: 4px 8px; line-height: 1.5; font-size: 16px;\">Descargar PDF<\/a>\r\n            <\/td><\/tr><tr><td colspan=\"5\" style=\"border: 1px solid #ddd; padding: 8px;\"><p><\/p><\/td><\/tr><tr><td style=\"border: 1px solid #ddd; padding: 8px; background-color: #E6F3FF;\"><strong>Pero Dios - Dos Palabras que Cambian Todo - Reflexi\u00f3n<\/strong><\/td><td style=\"border: 1px solid #ddd; padding: 8px;  text-align: center; background-color: #E6F3FF;\">Daniel Liandro<\/td><td style=\"border: 1px solid #ddd; padding: 8px; text-align: center; background-color: #E6F3FF;\">\r\n                <a href=\"http:\/\/palabrasdevida.com\/systemproword\/wp-content\/uploads\/pdfs\/Pero%20Dios%20-%20Dos%20Palabras%20que%20Cambian%20Todo%20-%20Reflexi\u00f3n.pdf\" target=\"_blank\" class=\"button button-primary\" style=\"text-align: center; padding: 4px 8px; line-height: 1.5; font-size: 16px;\">Ver archivo<\/a>\r\n            <\/td><td style=\"border: 1px solid #ddd; padding: 8px; text-align: center; background-color: #E6F3FF;\">\r\n                <a href=\"http:\/\/palabrasdevida.com\/systemproword\/wp-content\/uploads\/pdfs\/Pero%20Dios%20-%20Dos%20Palabras%20que%20Cambian%20Todo%20-%20Reflexi\u00f3n.pdf\" class=\"button button-primary\" download style=\"text-align: center; padding: 4px 8px; line-height: 1.5; font-size: 16px;\">Descargar PDF<\/a>\r\n            <\/td><\/tr><tr><td colspan=\"5\" style=\"border: 1px solid #ddd; padding: 8px;\"><p><\/p><\/td><\/tr><tr><td style=\"border: 1px solid #ddd; padding: 8px; background-color: #E6F3FF;\"><strong>Caminio al Cielo - Reflexi\u00f3n<\/strong><\/td><td style=\"border: 1px solid #ddd; padding: 8px;  text-align: center; background-color: #E6F3FF;\">Daniel Liandro<\/td><td style=\"border: 1px solid #ddd; padding: 8px; text-align: center; background-color: #E6F3FF;\">\r\n                <a href=\"http:\/\/palabrasdevida.com\/systemproword\/wp-content\/uploads\/pdfs\/Caminio%20al%20Cielo%20-%20Reflexi\u00f3n.pdf\" target=\"_blank\" class=\"button button-primary\" style=\"text-align: center; padding: 4px 8px; line-height: 1.5; font-size: 16px;\">Ver archivo<\/a>\r\n            <\/td><td style=\"border: 1px solid #ddd; padding: 8px; text-align: center; background-color: #E6F3FF;\">\r\n                <a href=\"http:\/\/palabrasdevida.com\/systemproword\/wp-content\/uploads\/pdfs\/Caminio%20al%20Cielo%20-%20Reflexi\u00f3n.pdf\" class=\"button button-primary\" download style=\"text-align: center; padding: 4px 8px; line-height: 1.5; font-size: 16px;\">Descargar PDF<\/a>\r\n            <\/td><\/tr><tr><td colspan=\"5\" style=\"border: 1px solid #ddd; padding: 8px;\"><p><\/p><\/td><\/tr><tr><td style=\"border: 1px solid #ddd; padding: 8px; background-color: #E6F3FF;\"><strong>Padre Nuestro - Reflexi\u00f3n<\/strong><\/td><td style=\"border: 1px solid #ddd; padding: 8px;  text-align: center; background-color: #E6F3FF;\">Daniel Liandro<\/td><td style=\"border: 1px solid #ddd; padding: 8px; text-align: center; background-color: #E6F3FF;\">\r\n                <a href=\"http:\/\/palabrasdevida.com\/systemproword\/wp-content\/uploads\/pdfs\/Padre%20Nuestro%20-%20Reflexi\u00f3n.pdf\" target=\"_blank\" class=\"button button-primary\" style=\"text-align: center; padding: 4px 8px; line-height: 1.5; font-size: 16px;\">Ver archivo<\/a>\r\n            <\/td><td style=\"border: 1px solid #ddd; padding: 8px; text-align: center; background-color: #E6F3FF;\">\r\n                <a href=\"http:\/\/palabrasdevida.com\/systemproword\/wp-content\/uploads\/pdfs\/Padre%20Nuestro%20-%20Reflexi\u00f3n.pdf\" class=\"button button-primary\" download style=\"text-align: center; padding: 4px 8px; line-height: 1.5; font-size: 16px;\">Descargar PDF<\/a>\r\n            <\/td><\/tr><tr><td colspan=\"5\" style=\"border: 1px solid #ddd; padding: 8px;\"><p><\/p><\/td><\/tr><tr><td style=\"border: 1px solid #ddd; padding: 8px; background-color: #E6F3FF;\"><strong>Maldito el que conf\u00eda en el hombre - Reflexi\u00f3n<\/strong><\/td><td style=\"border: 1px solid #ddd; padding: 8px;  text-align: center; background-color: #E6F3FF;\">Daniel Liandro<\/td><td style=\"border: 1px solid #ddd; padding: 8px; text-align: center; background-color: #E6F3FF;\">\r\n                <a href=\"http:\/\/palabrasdevida.com\/systemproword\/wp-content\/uploads\/pdfs\/Maldito%20el%20que%20conf\u00eda%20en%20el%20hombre%20-%20Reflexi\u00f3n.pdf\" target=\"_blank\" class=\"button button-primary\" style=\"text-align: center; padding: 4px 8px; line-height: 1.5; font-size: 16px;\">Ver archivo<\/a>\r\n            <\/td><td style=\"border: 1px solid #ddd; padding: 8px; text-align: center; background-color: #E6F3FF;\">\r\n                <a href=\"http:\/\/palabrasdevida.com\/systemproword\/wp-content\/uploads\/pdfs\/Maldito%20el%20que%20conf\u00eda%20en%20el%20hombre%20-%20Reflexi\u00f3n.pdf\" class=\"button button-primary\" download style=\"text-align: center; padding: 4px 8px; line-height: 1.5; font-size: 16px;\">Descargar PDF<\/a>\r\n            <\/td><\/tr><tr><td colspan=\"5\" style=\"border: 1px solid #ddd; padding: 8px;\"><p><\/p><\/td><\/tr><tr><td style=\"border: 1px solid #ddd; padding: 8px; background-color: #E6F3FF;\"><strong>El matrimonio es eterno - Reflexi\u00f3n<\/strong><\/td><td style=\"border: 1px solid #ddd; padding: 8px;  text-align: center; background-color: #E6F3FF;\">Daniel Liandro<\/td><td style=\"border: 1px solid #ddd; padding: 8px; text-align: center; background-color: #E6F3FF;\">\r\n                <a href=\"http:\/\/palabrasdevida.com\/systemproword\/wp-content\/uploads\/pdfs\/El%20matrimonio%20es%20eterno%20-%20Reflexi\u00f3n.pdf\" target=\"_blank\" class=\"button button-primary\" style=\"text-align: center; padding: 4px 8px; line-height: 1.5; font-size: 16px;\">Ver archivo<\/a>\r\n            <\/td><td style=\"border: 1px solid #ddd; padding: 8px; text-align: center; background-color: #E6F3FF;\">\r\n                <a href=\"http:\/\/palabrasdevida.com\/systemproword\/wp-content\/uploads\/pdfs\/El%20matrimonio%20es%20eterno%20-%20Reflexi\u00f3n.pdf\" class=\"button button-primary\" download style=\"text-align: center; padding: 4px 8px; line-height: 1.5; font-size: 16px;\">Descargar PDF<\/a>\r\n            <\/td><\/tr><tr><td colspan=\"5\" style=\"border: 1px solid #ddd; padding: 8px;\"><p><\/p><\/td><\/tr><tr><td style=\"border: 1px solid #ddd; padding: 8px; background-color: #E6F3FF;\"><strong>Las armas de Jes\u00fas - Reflexi\u00f3n<\/strong><\/td><td style=\"border: 1px solid #ddd; padding: 8px;  text-align: center; background-color: #E6F3FF;\">Daniel Liandro<\/td><td style=\"border: 1px solid #ddd; padding: 8px; text-align: center; background-color: #E6F3FF;\">\r\n                <a href=\"http:\/\/palabrasdevida.com\/systemproword\/wp-content\/uploads\/pdfs\/Las%20armas%20de%20Jes\u00fas%20-%20Reflexi\u00f3n.pdf\" target=\"_blank\" class=\"button button-primary\" style=\"text-align: center; padding: 4px 8px; line-height: 1.5; font-size: 16px;\">Ver archivo<\/a>\r\n            <\/td><td style=\"border: 1px solid #ddd; padding: 8px; text-align: center; background-color: #E6F3FF;\">\r\n                <a href=\"http:\/\/palabrasdevida.com\/systemproword\/wp-content\/uploads\/pdfs\/Las%20armas%20de%20Jes\u00fas%20-%20Reflexi\u00f3n.pdf\" class=\"button button-primary\" download style=\"text-align: center; padding: 4px 8px; line-height: 1.5; font-size: 16px;\">Descargar PDF<\/a>\r\n            <\/td><\/tr><tr><td colspan=\"5\" style=\"border: 1px solid #ddd; padding: 8px;\"><p><\/p><\/td><\/tr><tr><td style=\"border: 1px solid #ddd; padding: 8px; background-color: #E6F3FF;\"><strong>El ayuno de Mois\u00e9s y de Jes\u00fas - Reflexi\u00f3n<\/strong><\/td><td style=\"border: 1px solid #ddd; padding: 8px;  text-align: center; background-color: #E6F3FF;\">Daniel Liandro<\/td><td style=\"border: 1px solid #ddd; padding: 8px; text-align: center; background-color: #E6F3FF;\">\r\n                <a href=\"http:\/\/palabrasdevida.com\/systemproword\/wp-content\/uploads\/pdfs\/El%20ayuno%20de%20Mois\u00e9s%20y%20de%20Jes\u00fas%20-%20Reflexi\u00f3n.pdf\" target=\"_blank\" class=\"button button-primary\" style=\"text-align: center; padding: 4px 8px; line-height: 1.5; font-size: 16px;\">Ver archivo<\/a>\r\n            <\/td><td style=\"border: 1px solid #ddd; padding: 8px; text-align: center; background-color: #E6F3FF;\">\r\n                <a href=\"http:\/\/palabrasdevida.com\/systemproword\/wp-content\/uploads\/pdfs\/El%20ayuno%20de%20Mois\u00e9s%20y%20de%20Jes\u00fas%20-%20Reflexi\u00f3n.pdf\" class=\"button button-primary\" download style=\"text-align: center; padding: 4px 8px; line-height: 1.5; font-size: 16px;\">Descargar PDF<\/a>\r\n            <\/td><\/tr><tr><td colspan=\"5\" style=\"border: 1px solid #ddd; padding: 8px;\"><p><\/p><\/td><\/tr><tr><td style=\"border: 1px solid #ddd; padding: 8px; background-color: #E6F3FF;\"><strong>El ayuno - Reflexi\u00f3n<\/strong><\/td><td style=\"border: 1px solid #ddd; padding: 8px;  text-align: center; background-color: #E6F3FF;\">Daniel Liandro<\/td><td style=\"border: 1px solid #ddd; padding: 8px; text-align: center; background-color: #E6F3FF;\">\r\n                <a href=\"http:\/\/palabrasdevida.com\/systemproword\/wp-content\/uploads\/pdfs\/El%20ayuno%20-%20Reflexi\u00f3n.pdf\" target=\"_blank\" class=\"button button-primary\" style=\"text-align: center; padding: 4px 8px; line-height: 1.5; font-size: 16px;\">Ver archivo<\/a>\r\n            <\/td><td style=\"border: 1px solid #ddd; padding: 8px; text-align: center; background-color: #E6F3FF;\">\r\n                <a href=\"http:\/\/palabrasdevida.com\/systemproword\/wp-content\/uploads\/pdfs\/El%20ayuno%20-%20Reflexi\u00f3n.pdf\" class=\"button button-primary\" download style=\"text-align: center; padding: 4px 8px; line-height: 1.5; font-size: 16px;\">Descargar PDF<\/a>\r\n            <\/td><\/tr><tr><td colspan=\"5\" style=\"border: 1px solid #ddd; padding: 8px;\"><p><\/p><\/td><\/tr><\/tbody><\/table><\/div>\n\n\n\n<p><\/p>\n\n\n\n<p><\/p>\n","protected":false},"excerpt":{"rendered":"<p>Te acercamos reflexiones breves que tratan los mismos temas que sus hermanos mayores, los estudios b\u00edblicos.Hemos reducido la extensi\u00f3n manteniendo [&hellip;]<\/p>\n","protected":false},"author":2,"featured_media":0,"parent":0,"menu_order":0,"comment_status":"closed","ping_status":"closed","template":"","meta":{"site-sidebar-layout":"default","site-content-layout":"","ast-site-content-layout":"default","site-content-style":"default","site-sidebar-style":"default","ast-global-header-display":"","ast-banner-title-visibility":"","ast-main-header-display":"","ast-hfb-above-header-display":"","ast-hfb-below-header-display":"","ast-hfb-mobile-header-display":"","site-post-title":"","ast-breadcrumbs-content":"","ast-featured-img":"","footer-sml-layout":"","ast-disable-related-posts":"","theme-transparent-header-meta":"","adv-header-id-meta":"","stick-header-meta":"","header-above-stick-meta":"","header-main-stick-meta":"","header-below-stick-meta":"","astra-migrate-meta-layouts":"default","ast-page-background-enabled":"default","ast-page-background-meta":{"desktop":{"background-color":"var(--ast-global-color-4)","background-image":"","background-repeat":"repeat","background-position":"center center","background-size":"auto","background-attachment":"scroll","background-type":"","background-media":"","overlay-type":"","overlay-color":"","overlay-opacity":"","overlay-gradient":""},"tablet":{"background-color":"","background-image":"","background-repeat":"repeat","background-position":"center center","background-size":"auto","background-attachment":"scroll","background-type":"","background-media":"","overlay-type":"","overlay-color":"","overlay-opacity":"","overlay-gradient":""},"mobile":{"background-color":"","background-image":"","background-repeat":"repeat","background-position":"center center","background-size":"auto","background-attachment":"scroll","background-type":"","background-media":"","overlay-type":"","overlay-color":"","overlay-opacity":"","overlay-gradient":""}},"ast-content-background-meta":{"desktop":{"background-color":"var(--ast-global-color-5)","background-image":"","background-repeat":"repeat","background-position":"center center","background-size":"auto","background-attachment":"scroll","background-type":"","background-media":"","overlay-type":"","overlay-color":"","overlay-opacity":"","overlay-gradient":""},"tablet":{"background-color":"var(--ast-global-color-5)","background-image":"","background-repeat":"repeat","background-position":"center center","background-size":"auto","background-attachment":"scroll","background-type":"","background-media":"","overlay-type":"","overlay-color":"","overlay-opacity":"","overlay-gradient":""},"mobile":{"background-color":"var(--ast-global-color-5)","background-image":"","background-repeat":"repeat","background-position":"center center","background-size":"auto","background-attachment":"scroll","background-type":"","background-media":"","overlay-type":"","overlay-color":"","overlay-opacity":"","overlay-gradient":""}},"footnotes":""},"class_list":["post-228","page","type-page","status-publish","hentry"],"_links":{"self":[{"href":"http:\/\/palabrasdevida.com\/systemproword\/wp-json\/wp\/v2\/pages\/228","targetHints":{"allow":["GET"]}}],"collection":[{"href":"http:\/\/palabrasdevida.com\/systemproword\/wp-json\/wp\/v2\/pages"}],"about":[{"href":"http:\/\/palabrasdevida.com\/systemproword\/wp-json\/wp\/v2\/types\/page"}],"author":[{"embeddable":true,"href":"http:\/\/palabrasdevida.com\/systemproword\/wp-json\/wp\/v2\/users\/2"}],"replies":[{"embeddable":true,"href":"http:\/\/palabrasdevida.com\/systemproword\/wp-json\/wp\/v2\/comments?post=228"}],"version-history":[{"count":4,"href":"http:\/\/palabrasdevida.com\/systemproword\/wp-json\/wp\/v2\/pages\/228\/revisions"}],"predecessor-version":[{"id":261,"href":"http:\/\/palabrasdevida.com\/systemproword\/wp-json\/wp\/v2\/pages\/228\/revisions\/261"}],"wp:attachment":[{"href":"http:\/\/palabrasdevida.com\/systemproword\/wp-json\/wp\/v2\/media?parent=228"}],"curies":[{"name":"wp","href":"https:\/\/api.w.org\/{rel}","templated":true}]}}